{"id":24747,"date":"2022-08-03T11:26:25","date_gmt":"2022-08-03T11:26:25","guid":{"rendered":"https:\/\/www.afrikaldia.com\/aviso-legal\/"},"modified":"2025-10-27T13:13:46","modified_gmt":"2025-10-27T13:13:46","slug":"mentions-legales","status":"publish","type":"page","link":"https:\/\/www.afrikaldia.com\/fr\/mentions-legales\/","title":{"rendered":"MENTIONS LEGALES"},"content":{"rendered":"\r\n<h1 class=\"wp-block-heading\">MENTIONS LEGALES<\/h1>\r\n<h3>INFORMATIONS D\u2019IDENTIFICATION<\/h3>\r\n<p>Vous \u00eates sur le site web www.afrikaldia.com, propri\u00e9t\u00e9 de l\u2019Asociaci\u00f3n Africanista Manuel Iradier (AAMI) et de Kultura Bendera Elkartea (KB).<\/p>\r\n<p>AAMI, Pasaje de Eulogio Serd\u00e1n, 6 lonja, 01012, Vitoria-Gasteiz, Araba<\/p>\r\n<p>+34 945 147 602 \/ +34617814567<\/p>\r\n<p>KB, Calle Senda de los Puertos 8, esc. izda. 7C, 01013, Vitoria-Gasteiz, Araba<\/p>\r\n<p>+34 676 538 305<\/p>\r\n<h3>ACCEPTATION DE L\u2019UTILISATEUR<\/h3>\r\n<p>Les pr\u00e9sentes Conditions d\u2019Utilisation (ci-apr\u00e8s d\u00e9nomm\u00e9es Mentions L\u00e9gales) r\u00e9gissent l\u2019acc\u00e8s et l\u2019utilisation du site internet qu\u2019Afrikaldia (AFK) met \u00e0 la disposition des internautes. L\u2019acc\u00e8s \u00e0 ce site implique l\u2019acceptation sans r\u00e9serve de ces Mentions L\u00e9gales.<\/p>\r\n<p>AFK peut proposer, par l\u2019interm\u00e9diaire de son site web, des services susceptibles d\u2019\u00eatre soumis \u00e0 des conditions particuli\u00e8res sp\u00e9cifiques, dont l\u2019utilisateur sera inform\u00e9 au cas par cas.<\/p>\r\n<h3>ACC\u00c8S AU SITE WEB ET MOTS DE PASSE<\/h3>\r\n<p>De mani\u00e8re g\u00e9n\u00e9rale, aucune inscription ni enregistrement pr\u00e9alable en tant qu\u2019Utilisateur n\u2019est requis pour acc\u00e9der au site web ou l\u2019utiliser.<br \/>N\u00e9anmoins, l\u2019utilisation de certains services ou contenus peut n\u00e9cessiter une inscription ou un enregistrement pr\u00e9alable, notamment pour l\u2019achat de nos produits.<\/p>\r\n<p>Les donn\u00e9es des Utilisateurs, obtenues lors de leur inscription ou enregistrement sur ce site web, sont prot\u00e9g\u00e9es par des mots de passe choisis par les utilisateurs eux-m\u00eames. L\u2019Utilisateur s\u2019engage \u00e0 conserver la confidentialit\u00e9 de son mot de passe et \u00e0 le prot\u00e9ger contre toute utilisation non autoris\u00e9e par des tiers. L\u2019Utilisateur devra informer sans d\u00e9lai Khirucode SL de toute utilisation non autoris\u00e9e de son compte ou de toute violation de la s\u00e9curit\u00e9 du site web dont il aurait connaissance.<\/p>\r\n<p>AFK adopte les mesures techniques et organisationnelles n\u00e9cessaires pour garantir la protection des donn\u00e9es \u00e0 caract\u00e8re personnel et \u00e9viter leur alt\u00e9ration, perte, traitement et\/ou acc\u00e8s non autoris\u00e9, en tenant compte de l\u2019\u00e9tat de la technique, de la nature des donn\u00e9es stock\u00e9es et des risques auxquels elles sont expos\u00e9es, conform\u00e9ment aux dispositions de la l\u00e9gislation espagnole sur la Protection des Donn\u00e9es \u00e0 Caract\u00e8re Personnel.<\/p>\r\n<p>AFK ne saurait \u00eatre tenue responsable de la divulgation de donn\u00e9es personnelles \u00e0 des tiers lorsque celle-ci n\u2019est pas directement imputable \u00e0 Khirucode SL, ni de l\u2019usage qui pourrait \u00eatre fait de ces donn\u00e9es par des tiers ext\u00e9rieurs \u00e0 AFK.<\/p>\r\n<h3>UTILISATION APPROPRI\u00c9E DU SITE WEB<\/h3>\r\n<p>L\u2019Utilisateur s\u2019engage \u00e0 utiliser le site web, ses contenus et ses services conform\u00e9ment \u00e0 la Loi, aux pr\u00e9sentes Mentions L\u00e9gales, aux bonnes m\u0153urs et \u00e0 l\u2019ordre public. De m\u00eame, l\u2019Utilisateur s\u2019engage \u00e0 ne pas utiliser le site web, ses contenus ou les services qui y sont propos\u00e9s \u00e0 des fins ou effets illicites, contraires aux pr\u00e9sentes Mentions L\u00e9gales, portant atteinte aux int\u00e9r\u00eats ou aux droits de tiers, ou susceptibles, de quelque mani\u00e8re que ce soit, d\u2019endommager, de rendre inop\u00e9rant, inaccessible ou de d\u00e9t\u00e9riorer le site web, ses contenus ou ses services, ou encore d\u2019emp\u00eacher d\u2019autres Utilisateurs d\u2019en faire un usage normal.<\/p>\r\n<p>De m\u00eame, l\u2019Utilisateur s\u2019engage express\u00e9ment \u00e0 ne pas d\u00e9truire, alt\u00e9rer, rendre inutilisables ou, de quelque autre mani\u00e8re que ce soit, endommager les donn\u00e9es, programmes ou documents \u00e9lectroniques pr\u00e9sents sur le site Web.<\/p>\r\n<p>L\u2019Utilisateur s\u2019engage \u00e0 ne pas entraver l\u2019acc\u00e8s des autres Utilisateurs au service, notamment par une utilisation excessive des ressources informatiques mises en \u0153uvre par AFK pour la fourniture du service, et \u00e0 ne pas entreprendre d\u2019actions susceptibles d\u2019endommager, d\u2019interrompre ou de perturber le fonctionnement de ces syst\u00e8mes ou services.<\/p>\r\n<p>L\u2019Utilisateur s\u2019engage \u00e0 ne pas introduire de programmes, virus, macros, applets, contr\u00f4les ActiveX ni tout autre dispositif logique ou s\u00e9quence de caract\u00e8res susceptibles de provoquer une alt\u00e9ration quelconque des syst\u00e8mes informatiques d\u2019AFK ou de tiers.<\/p>\r\n<h3>PUBLICIT\u00c9<\/h3>\r\n<p>Certaines sections du site web peuvent h\u00e9berger des contenus publicitaires ou faire l\u2019objet de parrainages. Les annonceurs et sponsors sont exclusivement responsables du contenu des supports qu\u2019ils fournissent pour publication sur le site web, ainsi que du respect des lois et r\u00e9glementations applicables.<\/p>\r\n<p>AFK ne saurait \u00eatre tenue responsable des erreurs, inexactitudes ou irr\u00e9gularit\u00e9s pr\u00e9sentes dans les contenus publicitaires ou sponsoris\u00e9s. En tout \u00e9tat de cause, pour toute r\u00e9clamation relative aux contenus publicitaires diffus\u00e9s sur ce site web, veuillez vous adresser \u00e0 l\u2019adresse \u00e9lectronique suivante : direccion@afrikaldia.com<\/p>\r\n<h3>LIENS VERS DES TIERS<\/h3>\r\n<p>Les pr\u00e9sentes Mentions L\u00e9gales s\u2019appliquent exclusivement au site web et aux contenus d\u2019AFK, et ne concernent pas les liens ou sites web de tiers accessibles depuis celui-ci.<\/p>\r\n<p>Les destinations de ces liens ne rel\u00e8vent pas du contr\u00f4le d\u2019AFK. AFK ne saurait \u00eatre tenue responsable du contenu des sites web vers lesquels ces liens renvoient, ni des liens figurant sur ces sites, ni des modifications ou mises \u00e0 jour qui leur sont apport\u00e9es.<\/p>\r\n<p>Ces liens sont fournis uniquement \u00e0 titre informatif, dans le but d\u2019indiquer \u00e0 l\u2019Utilisateur l\u2019existence d\u2019autres sources d\u2019information sur un sujet donn\u00e9. Leur inclusion ne saurait en aucun cas \u00eatre interpr\u00e9t\u00e9e comme une approbation par AFK du site web vers lequel ils renvoient.<\/p>\r\n<h3>PROPRI\u00c9T\u00c9 INTELLECTUELLE ET INDUSTRIELLE<\/h3>\r\n<p>Sauf indication contraire, l\u2019ensemble des contenus du site web est la propri\u00e9t\u00e9 exclusive d\u2019AFK et comprend, \u00e0 titre \u00e9nonciatif et non limitatif, le design graphique, le code source, les logos, les textes, les graphiques, les illustrations, les photographies, ainsi que tous les autres \u00e9l\u00e9ments figurant sur le site web.<\/p>\r\n<p>De m\u00eame, toutes les d\u00e9nominations commerciales, marques ou signes distinctifs, quelle qu\u2019en soit la nature, figurant sur le site Web, sont prot\u00e9g\u00e9s par la Loi.<\/p>\r\n<p>AFK n\u2019accorde \u00e0 l\u2019Utilisateur aucune licence ni autorisation d\u2019usage personnel sur ses droits de propri\u00e9t\u00e9 intellectuelle et industrielle, ni sur tout autre droit relatif au site web ou aux services qui y sont propos\u00e9s.<\/p>\r\n<p>En cons\u00e9quence, l\u2019Utilisateur reconna\u00eet que la reproduction, la distribution, la commercialisation, la transformation et, plus g\u00e9n\u00e9ralement, toute autre forme d\u2019exploitation, par quelque proc\u00e9d\u00e9 que ce soit, de tout ou partie des contenus de ce site web, constitue une violation des droits de propri\u00e9t\u00e9 intellectuelle et\/ou industrielle d\u2019AFK ou de leurs titulaires.<\/p>\r\n<h3>R\u00c9SEAUX SOCIAUX<\/h3>\r\n<p>L\u2019Utilisateur peut rejoindre les Groupes qu\u2019AFK administre sur diff\u00e9rents r\u00e9seaux sociaux, ainsi que sa propre Communaut\u00e9 virtuelle d\u00e9crite dans la section pr\u00e9c\u00e9dente, afin de partager son exp\u00e9rience avec les produits d\u2019AFK et d\u2019\u00e9changer avec d\u2019autres Utilisateurs du Groupe.<\/p>\r\n<p>L\u2019Utilisateur qui s\u2019abonne \u00e0 l\u2019une des pages d\u2019AFK accepte les conditions d\u2019utilisation et la politique de confidentialit\u00e9 du r\u00e9seau social concern\u00e9.<\/p>\r\n<h3>COOKIES<\/h3>\r\n<p>Ce site web utilise des cookies. Les cookies sont de petits fichiers de donn\u00e9es g\u00e9n\u00e9r\u00e9s sur l\u2019ordinateur de l\u2019utilisateur, qui nous permettent de recueillir les informations suivantes :<\/p>\r\n<p>\u2013 La date et l\u2019heure de la derni\u00e8re visite de l\u2019utilisateur sur notre site web.<\/p>\r\n<p>\u2013 La configuration d\u2019affichage choisie par l\u2019utilisateur lors de sa derni\u00e8re consultation du site web.<\/p>\r\n<p>\u2013 Les \u00e9l\u00e9ments de s\u00e9curit\u00e9 intervenant dans le contr\u00f4le d\u2019acc\u00e8s aux zones restreintes.<\/p>\r\n<p>L\u2019Utilisateur a la possibilit\u00e9 de d\u00e9sactiver la g\u00e9n\u00e9ration de cookies en s\u00e9lectionnant l\u2019option correspondante dans son navigateur internet.<\/p>\r\n<h3>MODIFICATION DES CONDITIONS D\u2019UTILISATION<\/h3>\r\n<p>AFK se r\u00e9serve le droit de modifier ou de mettre \u00e0 jour \u00e0 tout moment les conditions d\u2019utilisation du pr\u00e9sent site web. En cons\u00e9quence, l\u2019Utilisateur est invit\u00e9 \u00e0 les consulter r\u00e9guli\u00e8rement.<\/p>\r\n<h3>LOI APPLICABLE ET JURIDICTION<\/h3>\r\n<p>Les relations entre AFK et l\u2019Utilisateur seront r\u00e9gies par la l\u00e9gislation espagnole en vigueur, et tout litige sera soumis \u00e0 la comp\u00e9tence des Tribunaux de Vitoria-Gasteiz.<\/p>\r\n<p>AFK poursuivra toute violation des pr\u00e9sentes conditions, ainsi que toute utilisation abusive du site web, en exer\u00e7ant toutes les actions l\u00e9gales qui pourraient lui correspondre et lui \u00eatre reconnues en droit.<\/p>\r\n","protected":false},"excerpt":{"rendered":"<p>MENTIONS LEGALES INFORMATIONS D\u2019IDENTIFICATION Vous \u00eates sur le site web www.afrikaldia.com, propri\u00e9t\u00e9 de l\u2019Asociaci\u00f3n Africanista Manuel Iradier (AAMI) et de Kultura Bendera Elkartea (KB). AAMI, Pasaje de Eulogio Serd\u00e1n, 6 lonja, 01012, Vitoria-Gasteiz, Araba +34 945 147 602 \/ +34617814567 KB, Calle Senda de los Puertos 8, esc. izda. 7C, 01013, Vitoria-Gasteiz, Araba +34 676 [&hellip;]<\/p>\n","protected":false},"author":1,"featured_media":0,"parent":0,"menu_order":0,"comment_status":"closed","ping_status":"open","template":"","meta":{"_monsterinsights_skip_tracking":false,"_monsterinsights_sitenote_active":false,"_monsterinsights_sitenote_note":"","_monsterinsights_sitenote_category":0,"footnotes":""},"class_list":["post-24747","page","type-page","status-publish","hentry"],"yoast_head":"<!-- This site is optimized with the Yoast SEO plugin v26.2 - https:\/\/yoast.com\/wordpress\/plugins\/seo\/ -->\n<title>MENTIONS LEGALES - Afrikaldia \u2013 Festival Vasco de Cines Africanos<\/title>\n<meta name=\"robots\" content=\"index, follow, max-snippet:-1, max-image-preview:large, max-video-preview:-1\" \/>\n<link rel=\"canonical\" href=\"https:\/\/www.afrikaldia.com\/fr\/mentions-legales\/\" \/>\n<meta property=\"og:locale\" content=\"fr_FR\" \/>\n<meta property=\"og:type\" content=\"article\" \/>\n<meta property=\"og:title\" content=\"MENTIONS LEGALES - Afrikaldia \u2013 Festival Vasco de Cines Africanos\" \/>\n<meta property=\"og:description\" content=\"MENTIONS LEGALES INFORMATIONS D\u2019IDENTIFICATION Vous \u00eates sur le site web www.afrikaldia.com, propri\u00e9t\u00e9 de l\u2019Asociaci\u00f3n Africanista Manuel Iradier (AAMI) et de Kultura Bendera Elkartea (KB). AAMI, Pasaje de Eulogio Serd\u00e1n, 6 lonja, 01012, Vitoria-Gasteiz, Araba +34 945 147 602 \/ +34617814567 KB, Calle Senda de los Puertos 8, esc. izda. 7C, 01013, Vitoria-Gasteiz, Araba +34 676 [&hellip;]\" \/>\n<meta property=\"og:url\" content=\"https:\/\/www.afrikaldia.com\/fr\/mentions-legales\/\" \/>\n<meta property=\"og:site_name\" content=\"Afrikaldia \u2013 Festival Vasco de Cines Africanos\" \/>\n<meta property=\"article:modified_time\" content=\"2025-10-27T13:13:46+00:00\" \/>\n<meta name=\"twitter:card\" content=\"summary_large_image\" \/>\n<meta name=\"twitter:label1\" content=\"Dur\u00e9e de lecture estim\u00e9e\" \/>\n\t<meta name=\"twitter:data1\" content=\"6 minutes\" \/>\n<script type=\"application\/ld+json\" class=\"yoast-schema-graph\">{\"@context\":\"https:\/\/schema.org\",\"@graph\":[{\"@type\":\"WebPage\",\"@id\":\"https:\/\/www.afrikaldia.com\/fr\/mentions-legales\/\",\"url\":\"https:\/\/www.afrikaldia.com\/fr\/mentions-legales\/\",\"name\":\"MENTIONS LEGALES - Afrikaldia \u2013 Festival Vasco de Cines Africanos\",\"isPartOf\":{\"@id\":\"https:\/\/www.afrikaldia.com\/#website\"},\"datePublished\":\"2022-08-03T11:26:25+00:00\",\"dateModified\":\"2025-10-27T13:13:46+00:00\",\"breadcrumb\":{\"@id\":\"https:\/\/www.afrikaldia.com\/fr\/mentions-legales\/#breadcrumb\"},\"inLanguage\":\"fr-FR\",\"potentialAction\":[{\"@type\":\"ReadAction\",\"target\":[\"https:\/\/www.afrikaldia.com\/fr\/mentions-legales\/\"]}]},{\"@type\":\"BreadcrumbList\",\"@id\":\"https:\/\/www.afrikaldia.com\/fr\/mentions-legales\/#breadcrumb\",\"itemListElement\":[{\"@type\":\"ListItem\",\"position\":1,\"name\":\"Portada\",\"item\":\"https:\/\/www.afrikaldia.com\/fr\/\"},{\"@type\":\"ListItem\",\"position\":2,\"name\":\"MENTIONS LEGALES\"}]},{\"@type\":\"WebSite\",\"@id\":\"https:\/\/www.afrikaldia.com\/#website\",\"url\":\"https:\/\/www.afrikaldia.com\/\",\"name\":\"Afrikaldia \u2013 Festival Vasco de Cines Africanos\",\"description\":\"AFRIKALDIA es un festival internacional de cine de car\u00e1cter competitivo, dirigido a todos los p\u00fablicos.\",\"potentialAction\":[{\"@type\":\"SearchAction\",\"target\":{\"@type\":\"EntryPoint\",\"urlTemplate\":\"https:\/\/www.afrikaldia.com\/?s={search_term_string}\"},\"query-input\":{\"@type\":\"PropertyValueSpecification\",\"valueRequired\":true,\"valueName\":\"search_term_string\"}}],\"inLanguage\":\"fr-FR\"}]}<\/script>\n<!-- \/ Yoast SEO plugin. -->","yoast_head_json":{"title":"MENTIONS LEGALES - Afrikaldia \u2013 Festival Vasco de Cines Africanos","robots":{"index":"index","follow":"follow","max-snippet":"max-snippet:-1","max-image-preview":"max-image-preview:large","max-video-preview":"max-video-preview:-1"},"canonical":"https:\/\/www.afrikaldia.com\/fr\/mentions-legales\/","og_locale":"fr_FR","og_type":"article","og_title":"MENTIONS LEGALES - Afrikaldia \u2013 Festival Vasco de Cines Africanos","og_description":"MENTIONS LEGALES INFORMATIONS D\u2019IDENTIFICATION Vous \u00eates sur le site web www.afrikaldia.com, propri\u00e9t\u00e9 de l\u2019Asociaci\u00f3n Africanista Manuel Iradier (AAMI) et de Kultura Bendera Elkartea (KB). AAMI, Pasaje de Eulogio Serd\u00e1n, 6 lonja, 01012, Vitoria-Gasteiz, Araba +34 945 147 602 \/ +34617814567 KB, Calle Senda de los Puertos 8, esc. izda. 7C, 01013, Vitoria-Gasteiz, Araba +34 676 [&hellip;]","og_url":"https:\/\/www.afrikaldia.com\/fr\/mentions-legales\/","og_site_name":"Afrikaldia \u2013 Festival Vasco de Cines Africanos","article_modified_time":"2025-10-27T13:13:46+00:00","twitter_card":"summary_large_image","twitter_misc":{"Dur\u00e9e de lecture estim\u00e9e":"6 minutes"},"schema":{"@context":"https:\/\/schema.org","@graph":[{"@type":"WebPage","@id":"https:\/\/www.afrikaldia.com\/fr\/mentions-legales\/","url":"https:\/\/www.afrikaldia.com\/fr\/mentions-legales\/","name":"MENTIONS LEGALES - Afrikaldia \u2013 Festival Vasco de Cines Africanos","isPartOf":{"@id":"https:\/\/www.afrikaldia.com\/#website"},"datePublished":"2022-08-03T11:26:25+00:00","dateModified":"2025-10-27T13:13:46+00:00","breadcrumb":{"@id":"https:\/\/www.afrikaldia.com\/fr\/mentions-legales\/#breadcrumb"},"inLanguage":"fr-FR","potentialAction":[{"@type":"ReadAction","target":["https:\/\/www.afrikaldia.com\/fr\/mentions-legales\/"]}]},{"@type":"BreadcrumbList","@id":"https:\/\/www.afrikaldia.com\/fr\/mentions-legales\/#breadcrumb","itemListElement":[{"@type":"ListItem","position":1,"name":"Portada","item":"https:\/\/www.afrikaldia.com\/fr\/"},{"@type":"ListItem","position":2,"name":"MENTIONS LEGALES"}]},{"@type":"WebSite","@id":"https:\/\/www.afrikaldia.com\/#website","url":"https:\/\/www.afrikaldia.com\/","name":"Afrikaldia \u2013 Festival Vasco de Cines Africanos","description":"AFRIKALDIA es un festival internacional de cine de car\u00e1cter competitivo, dirigido a todos los p\u00fablicos.","potentialAction":[{"@type":"SearchAction","target":{"@type":"EntryPoint","urlTemplate":"https:\/\/www.afrikaldia.com\/?s={search_term_string}"},"query-input":{"@type":"PropertyValueSpecification","valueRequired":true,"valueName":"search_term_string"}}],"inLanguage":"fr-FR"}]}},"_links":{"self":[{"href":"https:\/\/www.afrikaldia.com\/fr\/wp-json\/wp\/v2\/pages\/24747","targetHints":{"allow":["GET"]}}],"collection":[{"href":"https:\/\/www.afrikaldia.com\/fr\/wp-json\/wp\/v2\/pages"}],"about":[{"href":"https:\/\/www.afrikaldia.com\/fr\/wp-json\/wp\/v2\/types\/page"}],"author":[{"embeddable":true,"href":"https:\/\/www.afrikaldia.com\/fr\/wp-json\/wp\/v2\/users\/1"}],"replies":[{"embeddable":true,"href":"https:\/\/www.afrikaldia.com\/fr\/wp-json\/wp\/v2\/comments?post=24747"}],"version-history":[{"count":2,"href":"https:\/\/www.afrikaldia.com\/fr\/wp-json\/wp\/v2\/pages\/24747\/revisions"}],"predecessor-version":[{"id":24756,"href":"https:\/\/www.afrikaldia.com\/fr\/wp-json\/wp\/v2\/pages\/24747\/revisions\/24756"}],"wp:attachment":[{"href":"https:\/\/www.afrikaldia.com\/fr\/wp-json\/wp\/v2\/media?parent=24747"}],"curies":[{"name":"wp","href":"https:\/\/api.w.org\/{rel}","templated":true}]}}